{"id":198,"date":"2013-09-16T09:35:32","date_gmt":"2013-09-16T08:35:32","guid":{"rendered":"http:\/\/www.probonomonte.ch\/PBM-wp\/?page_id=198"},"modified":"2016-10-20T16:42:05","modified_gmt":"2016-10-20T14:42:05","slug":"le-cloitre","status":"publish","type":"page","link":"https:\/\/www.probonomonte.ch\/PBM-wp\/histoire-de-labbaye\/histoire\/le-cloitre\/","title":{"rendered":"Le clo\u00eetre"},"content":{"rendered":"<p>[et_pb_section admin_label=\u00a0\u00bbsection\u00a0\u00bb fullwidth=\u00a0\u00bboff\u00a0\u00bb specialty=\u00a0\u00bboff\u00a0\u00bb background_color=\u00a0\u00bb#303030&Prime; inner_shadow=\u00a0\u00bboff\u00a0\u00bb parallax=\u00a0\u00bboff\u00a0\u00bb parallax_method=\u00a0\u00bboff\u00a0\u00bb transparent_background=\u00a0\u00bboff\u00a0\u00bb allow_player_pause=\u00a0\u00bboff\u00a0\u00bb padding_mobile=\u00a0\u00bboff\u00a0\u00bb make_fullwidth=\u00a0\u00bboff\u00a0\u00bb use_custom_width=\u00a0\u00bboff\u00a0\u00bb width_unit=\u00a0\u00bbon\u00a0\u00bb make_equal=\u00a0\u00bboff\u00a0\u00bb use_custom_gutter=\u00a0\u00bboff\u00a0\u00bb][et_pb_row admin_label=\u00a0\u00bbrow\u00a0\u00bb][et_pb_column type=\u00a0\u00bb4_4&Prime;][et_pb_text admin_label=\u00a0\u00bbText\u00a0\u00bb background_layout=\u00a0\u00bbdark\u00a0\u00bb text_orientation=\u00a0\u00bbcenter\u00a0\u00bb]<\/p>\n<h1 style=\"text-align: center;\">Le clo\u00eetre<\/h1>\n<p>[\/et_pb_text][\/et_pb_column][\/et_pb_row][\/et_pb_section][et_pb_section admin_label=\u00a0\u00bbsection\u00a0\u00bb background_color=\u00a0\u00bb#ffffff\u00a0\u00bb inner_shadow=\u00a0\u00bboff\u00a0\u00bb parallax=\u00a0\u00bboff\u00a0\u00bb parallax_method=\u00a0\u00bbcss\u00a0\u00bb][et_pb_row admin_label=\u00a0\u00bbrow\u00a0\u00bb][et_pb_column type=\u00a0\u00bb4_4&Prime;][et_pb_text admin_label=\u00a0\u00bbTexte\u00a0\u00bb background_layout=\u00a0\u00bblight\u00a0\u00bb text_orientation=\u00a0\u00bbleft\u00a0\u00bb use_border_color=\u00a0\u00bboff\u00a0\u00bb border_color=\u00a0\u00bb#ffffff\u00a0\u00bb border_style=\u00a0\u00bbsolid\u00a0\u00bb]<\/p>\n<h1><em>Le clo\u00eetre et les b\u00e2timents conventuels<\/em><\/h1>\n<p style=\"text-align: justify;\"><span id=\"transmark\" style=\"display: none; width: 0px; height: 0px;\"><\/span>La plus grande partie des b\u00e2timents conventuels a disparu mais gr\u00e2ce aux recherches, les structures conserv\u00e9es dans le sous-sol ont \u00e9t\u00e9 d\u00e9gag\u00e9es. N\u00e9anmoins, nos connaissances sont encore incompl\u00e8tes.<\/p>\n<p style=\"text-align: justify;\">C&rsquo;est \u00e0 l&rsquo;int\u00e9rieur de la cl\u00f4ture que les moines devaient passer la journ\u00e9e, interrompue par les offices dans l&rsquo;\u00e9glise. Le calme r\u00e9gnait dans le clo\u00eetre, prot\u00e9g\u00e9 de l&rsquo;ext\u00e9rieur par de hauts b\u00e2timents, qui servaient d&rsquo;une part de distribution entre les divers corps d&rsquo;habitation, d&rsquo;autre part de lieux destin\u00e9s \u00e0 la contemplation. Le clo\u00eetre formait un carr\u00e9 de 29,50 m de c\u00f4t\u00e9. A l&rsquo;est, se trouvait l&rsquo;habitation des moines. L&rsquo;aile sud du clo\u00eetre devait comporter un petit local qui \u00e9tait habituellement le seul endroit chauff\u00e9.<\/p>\n<p>[\/et_pb_text][et_pb_text admin_label=\u00a0\u00bbTexte\u00a0\u00bb background_layout=\u00a0\u00bblight\u00a0\u00bb text_orientation=\u00a0\u00bbleft\u00a0\u00bb use_border_color=\u00a0\u00bboff\u00a0\u00bb border_color=\u00a0\u00bb#ffffff\u00a0\u00bb border_style=\u00a0\u00bbsolid\u00a0\u00bb]<\/p>\n<p><img decoding=\"async\" loading=\"lazy\" class=\"aligncenter size-full wp-image-2243\" src=\"http:\/\/www.probonomonte.ch\/PBM-wp\/wp-content\/uploads\/2016\/10\/histoire_site2-f.png\" alt=\"histoire_site2-f\" width=\"954\" height=\"788\" srcset=\"https:\/\/www.probonomonte.ch\/PBM-wp\/wp-content\/uploads\/2016\/10\/histoire_site2-f.png 954w, https:\/\/www.probonomonte.ch\/PBM-wp\/wp-content\/uploads\/2016\/10\/histoire_site2-f-600x496.png 600w, https:\/\/www.probonomonte.ch\/PBM-wp\/wp-content\/uploads\/2016\/10\/histoire_site2-f-768x634.png 768w\" sizes=\"(max-width: 954px) 100vw, 954px\" \/><\/p>\n<p>[\/et_pb_text][\/et_pb_column][\/et_pb_row][et_pb_row admin_label=\u00a0\u00bbLigne\u00a0\u00bb][et_pb_column type=\u00a0\u00bb1_2&Prime;][et_pb_image admin_label=\u00a0\u00bbImage\u00a0\u00bb src=\u00a0\u00bbhttp:\/\/www.probonomonte.ch\/PBM-wp\/wp-content\/uploads\/2016\/10\/architecture_f1.png\u00a0\u00bb show_in_lightbox=\u00a0\u00bboff\u00a0\u00bb url_new_window=\u00a0\u00bboff\u00a0\u00bb use_overlay=\u00a0\u00bboff\u00a0\u00bb animation=\u00a0\u00bbleft\u00a0\u00bb sticky=\u00a0\u00bboff\u00a0\u00bb align=\u00a0\u00bbleft\u00a0\u00bb force_fullwidth=\u00a0\u00bboff\u00a0\u00bb always_center_on_mobile=\u00a0\u00bbon\u00a0\u00bb use_border_color=\u00a0\u00bboff\u00a0\u00bb border_color=\u00a0\u00bb#ffffff\u00a0\u00bb border_style=\u00a0\u00bbsolid\u00a0\u00bb] [\/et_pb_image][\/et_pb_column][et_pb_column type=\u00a0\u00bb1_2&Prime;][et_pb_text admin_label=\u00a0\u00bbTexte\u00a0\u00bb background_layout=\u00a0\u00bblight\u00a0\u00bb text_orientation=\u00a0\u00bbleft\u00a0\u00bb use_border_color=\u00a0\u00bboff\u00a0\u00bb border_color=\u00a0\u00bb#ffffff\u00a0\u00bb border_style=\u00a0\u00bbsolid\u00a0\u00bb]<\/p>\n<h2><em>\u00a0 <\/em><\/h2>\n<h2><em>\u00a0 <\/em><\/h2>\n<h2><em><span id=\"transmark\" style=\"display: none; width: 0px; height: 0px;\"><\/span>histoire<\/em><\/h2>\n<p>[\/et_pb_text][\/et_pb_column][\/et_pb_row][\/et_pb_section]<\/p>\n","protected":false},"excerpt":{"rendered":"<p>Le clo\u00eetre Le clo\u00eetre et les b\u00e2timents conventuels La plus grande partie des b\u00e2timents conventuels a disparu mais gr\u00e2ce aux recherches, les structures conserv\u00e9es dans le sous-sol ont \u00e9t\u00e9 d\u00e9gag\u00e9es. N\u00e9anmoins, nos connaissances sont encore incompl\u00e8tes. C&rsquo;est \u00e0 l&rsquo;int\u00e9rieur de la cl\u00f4ture que les moines devaient passer la journ\u00e9e, interrompue par les offices dans l&rsquo;\u00e9glise. [&hellip;]<\/p>\n","protected":false},"author":2,"featured_media":0,"parent":196,"menu_order":0,"comment_status":"closed","ping_status":"open","template":"","meta":{"_et_pb_use_builder":"on","_et_pb_old_content":"<p><a href=\"http:\/\/www.probonomonte.ch\/PBM-wp\/wp-content\/uploads\/2014\/02\/histoire_site2.png\"><img class=\"alignnone size-large wp-image-434\" src=\"http:\/\/www.probonomonte.ch\/PBM-wp\/wp-content\/uploads\/2014\/02\/histoire_site2-520x1024.png\" alt=\"histoire_site2\" width=\"520\" height=\"1024\" \/><\/a><\/p><p style=\"text-align: center;\">\u00a0<\/p>","_et_gb_content_width":""},"_links":{"self":[{"href":"https:\/\/www.probonomonte.ch\/PBM-wp\/wp-json\/wp\/v2\/pages\/198"}],"collection":[{"href":"https:\/\/www.probonomonte.ch\/PBM-wp\/wp-json\/wp\/v2\/pages"}],"about":[{"href":"https:\/\/www.probonomonte.ch\/PBM-wp\/wp-json\/wp\/v2\/types\/page"}],"author":[{"embeddable":true,"href":"https:\/\/www.probonomonte.ch\/PBM-wp\/wp-json\/wp\/v2\/users\/2"}],"replies":[{"embeddable":true,"href":"https:\/\/www.probonomonte.ch\/PBM-wp\/wp-json\/wp\/v2\/comments?post=198"}],"version-history":[{"count":0,"href":"https:\/\/www.probonomonte.ch\/PBM-wp\/wp-json\/wp\/v2\/pages\/198\/revisions"}],"up":[{"embeddable":true,"href":"https:\/\/www.probonomonte.ch\/PBM-wp\/wp-json\/wp\/v2\/pages\/196"}],"wp:attachment":[{"href":"https:\/\/www.probonomonte.ch\/PBM-wp\/wp-json\/wp\/v2\/media?parent=198"}],"curies":[{"name":"wp","href":"https:\/\/api.w.org\/{rel}","templated":true}]}}