{"id":3608,"date":"2016-10-20T11:28:10","date_gmt":"2016-10-20T09:28:10","guid":{"rendered":"http:\/\/www.probonomonte.ch\/PBM-wp\/?page_id=3608"},"modified":"2017-01-23T17:46:25","modified_gmt":"2017-01-23T16:46:25","slug":"architecture","status":"publish","type":"page","link":"http:\/\/www.probonomonte.ch\/PBM-wp\/architecture\/","title":{"rendered":"Architecture"},"content":{"rendered":"<p>[et_pb_section admin_label=\u00a0\u00bbsection\u00a0\u00bb fullwidth=\u00a0\u00bboff\u00a0\u00bb specialty=\u00a0\u00bboff\u00a0\u00bb background_color=\u00a0\u00bb#303030&Prime; inner_shadow=\u00a0\u00bboff\u00a0\u00bb parallax=\u00a0\u00bboff\u00a0\u00bb parallax_method=\u00a0\u00bboff\u00a0\u00bb transparent_background=\u00a0\u00bboff\u00a0\u00bb allow_player_pause=\u00a0\u00bboff\u00a0\u00bb padding_mobile=\u00a0\u00bboff\u00a0\u00bb make_fullwidth=\u00a0\u00bboff\u00a0\u00bb use_custom_width=\u00a0\u00bboff\u00a0\u00bb width_unit=\u00a0\u00bbon\u00a0\u00bb make_equal=\u00a0\u00bboff\u00a0\u00bb use_custom_gutter=\u00a0\u00bboff\u00a0\u00bb][et_pb_row admin_label=\u00a0\u00bbrow\u00a0\u00bb][et_pb_column type=\u00a0\u00bb4_4&Prime;][et_pb_text admin_label=\u00a0\u00bbText\u00a0\u00bb background_layout=\u00a0\u00bbdark\u00a0\u00bb text_orientation=\u00a0\u00bbcenter\u00a0\u00bb]<\/p>\n<h1 style=\"text-align: center;\">Architecture<\/h1>\n<p>[\/et_pb_text][\/et_pb_column][\/et_pb_row][\/et_pb_section][et_pb_section admin_label=\u00a0\u00bbSection\u00a0\u00bb fullwidth=\u00a0\u00bboff\u00a0\u00bb specialty=\u00a0\u00bboff\u00a0\u00bb][et_pb_row admin_label=\u00a0\u00bbLigne\u00a0\u00bb][et_pb_column type=\u00a0\u00bb1_2&Prime;][et_pb_text admin_label=\u00a0\u00bbTexte\u00a0\u00bb background_layout=\u00a0\u00bblight\u00a0\u00bb text_orientation=\u00a0\u00bbleft\u00a0\u00bb use_border_color=\u00a0\u00bboff\u00a0\u00bb border_color=\u00a0\u00bb#ffffff\u00a0\u00bb border_style=\u00a0\u00bbsolid\u00a0\u00bb]<\/p>\n<h3><span style=\"color: #993300;\">Le Type bernardin<\/span><\/h3>\n<p>le \u00ab\u00a0plan bernardin\u00a0\u00bb se caract\u00e9rise par un ch\u0153ur architectural \u00e0 chevet plat flanqu\u00e9 de part et d&rsquo;autre de deux \u00e0 trois chapelles lat\u00e9rales, \u00e9galement termin\u00e9es par un mur droit et uniquement accessibles \u00e0 partir des bras du transept. La nef est invariablement tripartite.<\/p>\n<p>Par la d\u00e9finition du type, la volum\u00e9trie tant ext\u00e9rieure qu&rsquo;int\u00e9rieure se pr\u00e9sente comme l&rsquo;\u00e9l\u00e9ment constitutif. Dans tous les cas, le sanctuaire et les bras du transept sont plus bas que le vaisseau central de la nef.<\/p>\n<p>A l&rsquo;int\u00e9rieur, la hauteur du sanctuaire et des croisillons est \u00e9gale, alors que le vaisseau central de la nef se prolonge jusqu&rsquo;au sanctuaire qui es \u00e9clair\u00e9 par des fen\u00eatres.<\/p>\n<p>Les parties de l&rsquo;\u00e9glise sont couvertes de vo\u00fbtes en berceau bris\u00e9, longitudinales dans le sanctuaire, dans les chapelles orientales et dans la nef ma\u00eetresse, transversales dans les croisillons et les bas-c\u00f4t\u00e9s<\/p>\n<p>[\/et_pb_text][et_pb_text admin_label=\u00a0\u00bbTexte\u00a0\u00bb background_layout=\u00a0\u00bblight\u00a0\u00bb text_orientation=\u00a0\u00bbleft\u00a0\u00bb use_border_color=\u00a0\u00bboff\u00a0\u00bb border_color=\u00a0\u00bb#ffffff\u00a0\u00bb border_style=\u00a0\u00bbsolid\u00a0\u00bb]<\/p>\n<h2 style=\"text-align: right;\"><\/h2>\n<h2 style=\"text-align: right;\">\u00a0 <span id=\"transmark\" style=\"display: none; width: 0px; height: 0px;\"><\/span><\/h2>\n<h2 style=\"text-align: right;\"><span style=\"color: #993300;\"><em>en bref<\/em><\/span><\/h2>\n<p>[\/et_pb_text][\/et_pb_column][et_pb_column type=\u00a0\u00bb1_2&Prime;][et_pb_image admin_label=\u00a0\u00bbImage\u00a0\u00bb src=\u00a0\u00bbhttp:\/\/www.probonomonte.ch\/PBM-wp\/wp-content\/uploads\/2016\/10\/architecture_f1.png\u00a0\u00bb show_in_lightbox=\u00a0\u00bboff\u00a0\u00bb url_new_window=\u00a0\u00bboff\u00a0\u00bb use_overlay=\u00a0\u00bboff\u00a0\u00bb animation=\u00a0\u00bbleft\u00a0\u00bb sticky=\u00a0\u00bboff\u00a0\u00bb align=\u00a0\u00bbleft\u00a0\u00bb force_fullwidth=\u00a0\u00bboff\u00a0\u00bb always_center_on_mobile=\u00a0\u00bbon\u00a0\u00bb use_border_color=\u00a0\u00bboff\u00a0\u00bb border_color=\u00a0\u00bb#ffffff\u00a0\u00bb border_style=\u00a0\u00bbsolid\u00a0\u00bb] [\/et_pb_image][et_pb_text admin_label=\u00a0\u00bbTexte\u00a0\u00bb background_layout=\u00a0\u00bblight\u00a0\u00bb text_orientation=\u00a0\u00bbleft\u00a0\u00bb use_border_color=\u00a0\u00bboff\u00a0\u00bb border_color=\u00a0\u00bb#ffffff\u00a0\u00bb border_style=\u00a0\u00bbsolid\u00a0\u00bb]<\/p>\n<p><img decoding=\"async\" loading=\"lazy\" class=\"aligncenter size-full wp-image-644\" src=\"http:\/\/www.probonomonte.ch\/PBM-wp\/wp-content\/uploads\/2014\/04\/image-bonmont-1.jpg\" alt=\"image-bonmont-1\" width=\"1024\" height=\"768\" srcset=\"http:\/\/www.probonomonte.ch\/PBM-wp\/wp-content\/uploads\/2014\/04\/image-bonmont-1.jpg 1024w, http:\/\/www.probonomonte.ch\/PBM-wp\/wp-content\/uploads\/2014\/04\/image-bonmont-1-600x450.jpg 600w\" sizes=\"(max-width: 1024px) 100vw, 1024px\" \/><\/p>\n<p>[\/et_pb_text][\/et_pb_column][\/et_pb_row][et_pb_row admin_label=\u00a0\u00bbLigne\u00a0\u00bb][et_pb_column type=\u00a0\u00bb4_4&Prime;][et_pb_text admin_label=\u00a0\u00bbTexte\u00a0\u00bb background_layout=\u00a0\u00bblight\u00a0\u00bb text_orientation=\u00a0\u00bbleft\u00a0\u00bb use_border_color=\u00a0\u00bboff\u00a0\u00bb border_color=\u00a0\u00bb#ffffff\u00a0\u00bb border_style=\u00a0\u00bbsolid\u00a0\u00bb]<\/p>\n<p><strong>L&rsquo;Ordre des cisterciens fut fond\u00e9 en 1098 en Bourgogne lors de la fondation de l&rsquo;abbaye de C\u00eeteaux par quelques moines b\u00e9n\u00e9dictins en rupture avec leur Ordre<\/strong>. C&rsquo;est avec l&rsquo;arriv\u00e9e du jeune noble, <strong>Bernard de Clairvaux<\/strong> et de ses trente compagnons que l&rsquo;Ordre cistercien connait son essor. Saint Bernard de Clairvaux, qui fonda l&rsquo;Abbaye de Clairvaux \u00e0 l&rsquo;\u00e2ge de 25 ans, s&rsquo;oppose aux formes jug\u00e9es d\u00e9cadentes de l&rsquo;architecture et de l&rsquo;art b\u00e9n\u00e9dictins.<\/p>\n<p>La repr\u00e9sentation du corps humain est bannie et les d\u00e9cors honnis. Cette grande aust\u00e9rit\u00e9 a pour but de favoriser la m\u00e9ditation des moines.<\/p>\n<h1 style=\"text-align: center;\"><span style=\"color: #993300;\">La repr\u00e9sentation du corps humain<\/span><br \/>\n<span style=\"color: #993300;\"> est bannie et les d\u00e9cors honnis.<\/span><\/h1>\n<p>La puret\u00e9 de l&rsquo;architecture est encore accentu\u00e9e par la mani\u00e8re tr\u00e8s particuli\u00e8re dont la lumi\u00e8re est trait\u00e9e. Elle vient du haut, sans \u00eatre modifi\u00e9e par des vitraux color\u00e9s, elle rejaillit contre les murs badigeonn\u00e9s de chaux blanche pour s&rsquo;\u00e9teindre sur un sol sombre. Les vo\u00fbtes et les murs int\u00e9rieurs sont donc recouverts de chaux apr\u00e8s avoir subi un traitement en plusieurs \u00e9tapes:<br \/>\n\u2022 une premi\u00e8re couche g\u00e9n\u00e9rale de cr\u00e9pi<br \/>\n\u2022 seconde couche d&rsquo;enduit compos\u00e9e de sable fin, voire de limon et de chaux<br \/>\n\u2022 une application au pinceau grossier de plusieurs couches de chaux blanche atteignant parfois 4 \u00e0 5 mm d&rsquo;\u00e9paisseur.<br \/>\nLe plan tr\u00e8s aust\u00e8re en forme de croix latine comporte une nef de six trav\u00e9es flanqu\u00e9e de bas-c\u00f4t\u00e9s dont les vo\u00fbtes, en berceau bris\u00e9, sont dispos\u00e9es perpendiculairement de celle du vaisseau central. L&rsquo;\u00e9clairage des bas-c\u00f4t\u00e9s se fait par les fen\u00eatres \u00e9troites et hautes en plein cintre et fortement \u00e9bras\u00e9es. La nef est coup\u00e9e par le transept dont chaque bras comporte deux chapelles entourant, \u00e0 l&rsquo;est, le choeur \u00e0 chevet plat. Au-dessus de l&rsquo;arc triomphal du choeur trois fen\u00eatres hautes sont organis\u00e9es en triplet, une constante de l&rsquo;architecture cistercienne.<\/p>\n<p>L&rsquo;abbaye de Bonmont est la premi\u00e8re abbaye cistercienne \u00e9difi\u00e9e \u00e0 l&rsquo;int\u00e9rieur des fronti\u00e8res actuelles de la Suisse.<\/p>\n<p><span id=\"transmark\" style=\"display: none; width: 0px; height: 0px;\"><\/span>L&rsquo;architecture cistercienne reste inscrite, 800 ans apr\u00e8s la naissance de saint Bernard, dans l&rsquo;\u00e9glise de Bonmont par plusieurs \u00e9l\u00e9ments d&rsquo;origine:<br \/>\n\u2022 l&rsquo;expression ininterrompue du berceau de la nef<br \/>\n\u2022 l&rsquo;orientation des collat\u00e9raux et leurs vo\u00fbtes face au vaisseau central<br \/>\n\u2022 l&rsquo;expression \u00ab\u00a0cach\u00e9e\u00a0\u00bb du transept qui n&rsquo;interrompt pas le rythme calme des trav\u00e9es<br \/>\n\u2022 une convergence tr\u00e8s forte, gr\u00e2ce \u00e0 ces trois dispositifs, vers l&rsquo;espace du chevet aujourd&rsquo;hui disparu.<\/p>\n<p>[\/et_pb_text][\/et_pb_column][\/et_pb_row][\/et_pb_section]<\/p>\n","protected":false},"excerpt":{"rendered":"<p>Architecture Le Type bernardin le \u00ab\u00a0plan bernardin\u00a0\u00bb se caract\u00e9rise par un ch\u0153ur architectural \u00e0 chevet plat flanqu\u00e9 de part et d&rsquo;autre de deux \u00e0 trois chapelles lat\u00e9rales, \u00e9galement termin\u00e9es par un mur droit et uniquement accessibles \u00e0 partir des bras du transept. La nef est invariablement tripartite. Par la d\u00e9finition du type, la volum\u00e9trie tant [&hellip;]<\/p>\n","protected":false},"author":2,"featured_media":0,"parent":0,"menu_order":0,"comment_status":"closed","ping_status":"closed","template":"","meta":{"_et_pb_use_builder":"on","_et_pb_old_content":"","_et_gb_content_width":""},"_links":{"self":[{"href":"http:\/\/www.probonomonte.ch\/PBM-wp\/wp-json\/wp\/v2\/pages\/3608"}],"collection":[{"href":"http:\/\/www.probonomonte.ch\/PBM-wp\/wp-json\/wp\/v2\/pages"}],"about":[{"href":"http:\/\/www.probonomonte.ch\/PBM-wp\/wp-json\/wp\/v2\/types\/page"}],"author":[{"embeddable":true,"href":"http:\/\/www.probonomonte.ch\/PBM-wp\/wp-json\/wp\/v2\/users\/2"}],"replies":[{"embeddable":true,"href":"http:\/\/www.probonomonte.ch\/PBM-wp\/wp-json\/wp\/v2\/comments?post=3608"}],"version-history":[{"count":0,"href":"http:\/\/www.probonomonte.ch\/PBM-wp\/wp-json\/wp\/v2\/pages\/3608\/revisions"}],"wp:attachment":[{"href":"http:\/\/www.probonomonte.ch\/PBM-wp\/wp-json\/wp\/v2\/media?parent=3608"}],"curies":[{"name":"wp","href":"https:\/\/api.w.org\/{rel}","templated":true}]}}